{"id":132,"date":"2021-09-15T19:46:43","date_gmt":"2021-09-15T17:46:43","guid":{"rendered":"http:\/\/wp1146572.server-he.de\/?page_id=132"},"modified":"2021-10-18T15:28:25","modified_gmt":"2021-10-18T13:28:25","slug":"datenschutz-impressum","status":"publish","type":"page","link":"https:\/\/www.mve-liste.de\/index.php\/datenschutz-impressum\/","title":{"rendered":"Datenschutz &#038; Impressum"},"content":{"rendered":"\n<p><strong>Impressum<\/strong><\/p>\n\n\n\n<p>Carl von Ossietzky Universit\u00e4t Oldenburg<br>Institut f\u00fcr Sozialwissenschaften<br>Dr. Kai P. Willf\u00fchr<br>A06 3-324<br>Uhlhornsweg 82<br>26129 Oldenburg<\/p>\n\n\n\n<p> <\/p>\n\n\n\n<p><strong>Datenschutzerkl\u00e4rung<\/strong><br>Wir nehmen den Schutz Ihrer pers\u00f6nlichen Daten sehr ernst. Wir behandeln Ihre personenbezogenen Daten vertraulich und entsprechend der gesetzlichen Datenschutzvorschriften sowie dieser Datenschutzerkl\u00e4rung.<\/p>\n\n\n\n<p>Wir m\u00f6chten Sie hiermit \u00fcber die Verarbeitung von personenbezogenen Daten auf dieser Website informieren.<\/p>\n\n\n\n<p>Wir verarbeiten Ihre pers\u00f6nlichen Daten nur, wenn Sie hierin eingewilligt haben oder hier eine gesetzliche Grundlage besteht.<\/p>\n\n\n\n<p>Verantwortlich f\u00fcr die Verarbeitung der personenbezogenen Daten ist Schwarz, Sascha<br>Kontaktdaten: <a href=\"mailto:sascha.schwarz@mve-liste.de\">sascha.schwarz@mve-liste.de<\/a><\/p>\n\n\n\n<p><strong>Allgemein \u2013 Besuch der Website<\/strong><br>Unsere Website dient der Bereitstellung von Informationen \u00fcber die MVE-Liste, sowie aktuelle Informationen zum Thema Menschliches Verhalten aus evolution\u00e4rer Perspektive und den Jahrestagungen.<\/p>\n\n\n\n<p>Beim Besuch unserer Website werden durch den auf Ihrem Endger\u00e4t zum Einsatz kommenden Browser Informationen an den Server unserer Website gesendet.<\/p>\n\n\n\n<p>Diese Informationen werden tempor\u00e4r in den Logfiles des Servers gespeichert. Folgende Informationen werden dabei erhoben:<\/p>\n\n\n\n<ul class=\"wp-block-list\"><li>&nbsp;IP-Adresse des anfragenden Rechners,<\/li><li>&nbsp;Datum und Uhrzeit des Zugriffs,<\/li><li>&nbsp;Name und URL der abgerufenen Datei,<\/li><li>&nbsp;zuvor besuchte Webseite (Referrer-URL),<\/li><li>&nbsp;verwendeter Browser und ggf. das Betriebssystem Ihres Rechners sowie der Name Ihres Access-Providers.<\/li><\/ul>\n\n\n\n<p>Die genannten Daten werden erhoben und verarbeitet, damit ein reibungsloser Verbindungsaufbau der Website sichergestellt wird und die Inhalte korrekt dargestellt werden. Die Daten werden gel\u00f6scht, wenn sie nicht mehr erforderlich sind. Die Rechtsgrundlage f\u00fcr die Datenverarbeitung ist Artikel 6 Absatz 1 Satz 1 lit. f DSGVO. Unser berechtigtes Interesse folgt aus oben aufgelisteten Zwecken zur Datenerhebung. In keinem Fall verwenden wir die erhobenen Daten zu dem Zweck, R\u00fcckschl\u00fcsse auf Ihre Person zu ziehen.<\/p>\n\n\n\n<p><strong>Nutzung des Kontaktformulars\/Kontaktaufnahme per E-Mail<\/strong><br>Wir weisen darauf hin, dass die Daten\u00fcbertragung im Internet Sicherheitsl\u00fccken aufweisen kann. Ein l\u00fcckenloser Schutz der Daten vor dem Zugriff durch Dritte ist nicht m\u00f6glich. Sollten Sie unser Kontaktformular verwenden oder \u00fcber E-Mail Kontakt mit uns aufnehmen, erfolgt die Verarbeitung Ihrer Daten aufgrund Ihrer freiwillig erteilten Einwilligung gem\u00e4\u00df Artikel 6 Absatz 1 Satz 1 lit. a DSGVO.<\/p>\n\n\n\n<p><strong>Weitergabe von Daten<\/strong><br>Die auf unserer Website erhobenen Daten werden ohne Ihre ausdr\u00fcckliche Einwilligung (Artikel 6 Absatz 1 Satz 1 lit. a DSGVO) nicht an Dritte weitergegeben.<\/p>\n\n\n\n<p><strong>Cookies<\/strong><br>Wir setzen auf unserer Website Cookies ein. Cookies sind kleine Textdateien, die automatisch im Browser auf Ihrem Endger\u00e4t (Rechner, Laptop, Tablet, Smartphone o. \u00e4.) gespeichert werden, wenn Sie unsere Seite besuchen. Die Cookie Information wird von Ihrem Browser bei jedem weiteren Besuch unserer Website an unseren Server gesendet. Dies bedeutet jedoch nicht, dass wir dadurch unmittelbar Kenntnis von Ihrer Identit\u00e4t erhalten.<\/p>\n\n\n\n<p>Cookies dienen dazu, die Nutzung unserer Website f\u00fcr Sie angenehmer, effektiver und sicherer zu gestalten. Wir setzen tempor\u00e4re Cookies ein, die nur f\u00fcr den Zeitraum Ihres Besuchs auf unserer Website im Browser Ihres Endger\u00e4tes gespeichert und automatisch gel\u00f6scht werden, sobald Sie Ihren Browser schlie\u00dfen. Wir setzen auch persistente Cookies ein. Diese bleiben auch nach Ihrem Besuch unserer Website in Ihrem Browser gespeichert.<\/p>\n\n\n\n<p><strong>Ihre Rechte<\/strong><br>Sie haben folgende Rechte:<\/p>\n\n\n\n<ul class=\"wp-block-list\"><li>Recht auf Auskunft \u00fcber Ihre von uns verarbeiteten personenbezogenen Daten (Artikel 15 DSGVO), dazu geh\u00f6rt auch: Auskunft \u00fcber Verarbeitungszweck, Kategorie der personenbezogenen Daten, Empf\u00e4nger oder Kategorien von Empf\u00e4ngern, geplante Speicherdauer,<\/li><li>Recht auf unverz\u00fcgliche Berichtigung unrichtiger Daten oder Vervollst\u00e4ndigung unvollst\u00e4ndiger Daten (Artikel 16 DSGVO),<\/li><li>Recht auf unverz\u00fcgliche L\u00f6schung (Artikel 17 DSGVO),<\/li><li>Recht auf Einschr\u00e4nkung der Verarbeitung (Artikel 18 DSGVO),<\/li><li>Recht auf Daten\u00fcbertragbarkeit (Artikel 20 DSGVO),<\/li><li>Recht auf jederzeitigen Widerruf Ihrer einmal erteilten Einwilligung (Artikel 7 Absatz 3 DSGVO),<\/li><li>Recht auf Widerspruch gegen die Verarbeitung bei der Datenerhebung auf Grundlage von berechtigten Interessen nach Artikel 6 Absatz 1 Satz 1 lit. f DSGVO, soweit daf\u00fcr Gr\u00fcnde vorliegen, die sich aus Ihrer besonderen Situation ergeben (Artikel 21 DSGVO), Recht, nicht einer ausschlie\u00dflich auf einer automatisierten Verarbeitung \u2013 einschlie\u00dflich Profiling \u2013 beruhenden Entscheidung unterworfen zu werden, die Ihnen gegen\u00fcber rechtliche Wirkung entfaltet oder sie in \u00e4hnlicher Weise erheblich beeintr\u00e4chtigt (Art. 22 DSGVO).<\/li><\/ul>\n\n\n\n<p>Um diese Rechte geltend zu machen, k\u00f6nnen Sie sich jederzeit an den oben genannten Verantwortlichen wenden.<\/p>\n\n\n\n<p><strong>Einbindung von Social-Media-Plugins, z. B. Facebook<\/strong><br>Durch die Einbindung der Plugins erh\u00e4lt Facebook die Information, dass der Browser des Besuchers die entsprechende Seite der Website aufgerufen hat, auch wenn der Besucher kein Facebook-Konto besitzt oder gerade nicht bei Facebook eingeloggt ist. Diese Information (einschlie\u00dflich der IP-Adresse) wird vom Browser direkt an einen Server von Facebook in den USA \u00fcbermittelt und dort gespeichert.<\/p>\n\n\n\n<p>Ist der Besucher bei Facebook eingeloggt, kann Facebook den Besuch der Website dem Facebook-Konto direkt zuordnen. Beim Interagieren mit den Plugins, zum Beispiel beim Dr\u00fccken des \u201eLike\u201c-Buttons, wird die entsprechende Information ebenfalls direkt an einen Server von Facebook \u00fcbermittelt und dort gespeichert. Die Informationen werden zudem auf Facebook ver\u00f6ffentlicht und Facebook-Freunden des Nutzers angezeigt. Facebook kann diese Informationen zum Zwecke der Werbung, Marktforschung und bedarfsgerechten Gestaltung der Facebook-Seiten benutzen.<\/p>\n\n\n\n<p>Mit dem Besuch dieser Seite stimmen Sie der Datenverarbeitung zu (Artikel 6 Absatz 1 lit. a DSGVO).<\/p>\n\n\n\n<p><strong>Aktualit\u00e4t und \u00c4nderung dieser Datenschutzerkl\u00e4rung<\/strong><br>Diese Datenschutzerkl\u00e4rung hat den Stand Mai 2018. Wir behalten uns vor, die Datenschutzerkl\u00e4rung zu aktualisieren, um den Datenschutz zu verbessern oder an ge\u00e4nderte beh\u00f6rdliche oder gerichtliche Vorgaben anzupassen. Die aktuelle Datenschutzerkl\u00e4rung kann jederzeit auf der Website abgerufen und ausgedruckt werden.<\/p>\n","protected":false},"excerpt":{"rendered":"<p>Impressum Carl von Ossietzky Universit\u00e4t OldenburgInstitut f\u00fcr SozialwissenschaftenDr. Kai P. Willf\u00fchrA06 3-324Uhlhornsweg 8226129 Oldenburg Datenschutzerkl\u00e4rungWir nehmen den Schutz Ihrer pers\u00f6nlichen Daten sehr ernst. Wir behandeln Ihre personenbezogenen Daten vertraulich und entsprechend der gesetzlichen Datenschutzvorschriften sowie dieser Datenschutzerkl\u00e4rung. Wir m\u00f6chten Sie hiermit \u00fcber die Verarbeitung von personenbezogenen Daten auf dieser Website informieren. Wir verarbeiten Ihre pers\u00f6nlichen &hellip; <\/p>\n<p class=\"link-more\"><a href=\"https:\/\/www.mve-liste.de\/index.php\/datenschutz-impressum\/\" class=\"more-link\"><span class=\"screen-reader-text\">\u201eDatenschutz &#038; Impressum\u201c<\/span> weiterlesen<\/a><\/p>\n","protected":false},"author":2,"featured_media":0,"parent":0,"menu_order":0,"comment_status":"closed","ping_status":"closed","template":"","meta":{"footnotes":""},"class_list":["post-132","page","type-page","status-publish","hentry","entry"],"_links":{"self":[{"href":"https:\/\/www.mve-liste.de\/index.php\/wp-json\/wp\/v2\/pages\/132","targetHints":{"allow":["GET"]}}],"collection":[{"href":"https:\/\/www.mve-liste.de\/index.php\/wp-json\/wp\/v2\/pages"}],"about":[{"href":"https:\/\/www.mve-liste.de\/index.php\/wp-json\/wp\/v2\/types\/page"}],"author":[{"embeddable":true,"href":"https:\/\/www.mve-liste.de\/index.php\/wp-json\/wp\/v2\/users\/2"}],"replies":[{"embeddable":true,"href":"https:\/\/www.mve-liste.de\/index.php\/wp-json\/wp\/v2\/comments?post=132"}],"version-history":[{"count":2,"href":"https:\/\/www.mve-liste.de\/index.php\/wp-json\/wp\/v2\/pages\/132\/revisions"}],"predecessor-version":[{"id":205,"href":"https:\/\/www.mve-liste.de\/index.php\/wp-json\/wp\/v2\/pages\/132\/revisions\/205"}],"wp:attachment":[{"href":"https:\/\/www.mve-liste.de\/index.php\/wp-json\/wp\/v2\/media?parent=132"}],"curies":[{"name":"wp","href":"https:\/\/api.w.org\/{rel}","templated":true}]}}